{"id":1782,"date":"2014-03-28T18:40:21","date_gmt":"2014-03-28T16:40:21","guid":{"rendered":"http:\/\/www.musikverein-stammheim.de\/start\/?page_id=1782"},"modified":"2024-12-11T15:17:40","modified_gmt":"2024-12-11T13:17:40","slug":"chronik","status":"publish","type":"page","link":"https:\/\/www.musikverein-stammheim.de\/start\/ueber-uns\/chronik\/","title":{"rendered":"Geschichte des Vereins"},"content":{"rendered":"<div align=\"center\">\n<h1 style=\"color: #c54456;\"><strong>1877<\/strong><\/h1>\n<\/div>\n<p><span style=\"font-family: Arial; font-size: revert; color: grey;\">Die sieben musikbegeisterten Stammheimer Friedrich Binder, Jakob Friedrich Feyhl, Johannes Kirchherr, Andreas R\u00f6hm, Adam Roller, Adam Zizmann und Jakob Zizmann gr\u00fcnden die <\/span><strong style=\"font-family: Arial; font-size: revert; color: grey;\">Musikkameradschaft Stammheim<\/strong><span style=\"font-family: Arial; font-size: revert; color: grey;\">, die 1879 in <\/span><strong style=\"font-family: Arial; font-size: revert; color: grey;\">Musikkorps Stammheim<\/strong><span style=\"font-family: Arial; font-size: revert; color: grey;\"> umbenannt wurde.<\/span><\/p>\n<div align=\"center\">\n<h1 style=\"color: #c54456;\"><strong>1882<\/strong><\/h1>\n<\/div>\n<div style=\"color: grey;\" align=\"left\">\n<p style=\"font-family: Arial;\">Die Kapelle erh\u00e4lt den bis heute bestehenden Namen <strong>Musikverein\u00a0Stammheim<\/strong>.<\/p>\n<\/div>\n<div align=\"center\">\n<h1 style=\"color: #c54456;\"><strong>1900<\/strong><\/h1>\n<\/div>\n<div style=\"color: grey;\" align=\"left\">\n<p style=\"font-family: Arial;\">Stadtmusikdirektor Frank aus Calw konnte als Dirigent gewonnen werden, der die Kapelle auf eine beachtliche Stufe brachte. Der Verein selbst war aus seinen Einnahmen nicht in der Lage die notwendigen Instrumente zu beschaffen und daher war man auf gro\u00dfz\u00fcgige Spenden angewiesen. Nachdem der Verein einen vollen Klangk\u00f6rper besetzen konnte, beteiligt er sich bei \u00f6ffentlichen Festen und Feiern, Beerdigungen und Hochzeiten. Gelegentlich hat sogar Stadtmusikdirektor Frank die Stammheimer Kapelle zu Gro\u00dfveranstaltungen gemeinsam mit der Stadtkapelle Calw herangezogen.<\/p>\n<\/div>\n<div align=\"center\">\n<h1 style=\"color: #c54456;\"><strong>1927<\/strong><\/h1>\n<\/div>\n<p><span style=\"font-family: Arial; font-size: revert; color: grey;\">Nachdem der 1. Weltkrieg (1914-1918) auch im Verein schmerzliche L\u00fccken<\/span><span style=\"font-size: revert;\">\u00a0<\/span><span style=\"font-family: Arial; font-size: revert; color: grey;\">hinterlie\u00df, konnte der Musikverein 1927 sein 50-j\u00e4hriges Jubil\u00e4um mit\u00a0<\/span><span style=\"font-family: Arial; font-size: revert; color: grey;\">einem Preiswettspiel feiern. Der Musikverein nahm im Folgenden oft an\u00a0<\/span><span style=\"font-family: Arial; font-size: revert; color: grey;\">Preisspielen teil.<\/span><\/p>\n<div style=\"color: grey;\" align=\"left\">\n<p style=\"font-family: Arial;\"><a href=\"https:\/\/www.musikverein-stammheim.de\/start\/wp-content\/uploads\/2014\/03\/Scan10144.jpg\"><img loading=\"lazy\" decoding=\"async\" class=\"aligncenter size-full wp-image-2621\" src=\"https:\/\/www.musikverein-stammheim.de\/start\/wp-content\/uploads\/2014\/03\/Scan10144.jpg\" alt=\"Scan10144\" width=\"1000\" height=\"701\" srcset=\"https:\/\/www.musikverein-stammheim.de\/start\/wp-content\/uploads\/2014\/03\/Scan10144.jpg 1000w, https:\/\/www.musikverein-stammheim.de\/start\/wp-content\/uploads\/2014\/03\/Scan10144-300x210.jpg 300w\" sizes=\"auto, (max-width: 1000px) 100vw, 1000px\" \/><\/a><\/p>\n<\/div>\n<div align=\"center\">\n<h1 style=\"color: #c54456;\"><strong>1933<\/strong><\/h1>\n<\/div>\n<p><span style=\"font-family: Arial; font-size: revert; color: grey;\">Auf Veranlassung des damaligen Regimes wurde der Musikverein Stamm<\/span><span style=\"font-family: Arial; font-size: revert; color: grey;\">heim mit der Stadtkapelle Calw vereinigt und es entstand daraus ein Stan<\/span><span style=\"font-family: Arial; font-size: revert; color: grey;\">dartenmusikzug.<\/span><\/p>\n<div align=\"center\">\n<h1 style=\"color: #c54456;\"><strong>1945<\/strong><\/h1>\n<\/div>\n<div style=\"color: grey;\" align=\"left\">\n<p style=\"font-family: Arial;\">Durch den 2. Weltkrieg (1939-1945) und die Brandkatastrophe am\u00a020.04.1945 verlor der Verein viele Mitglieder. Ebenso wurde fast das gesamte Vereinsverm\u00f6gen in Form von Instrumenten und Noten vernichtet.<\/p>\n<\/div>\n<div align=\"center\">\n<h1 style=\"color: #c54456;\"><strong>1949<\/strong><\/h1>\n<\/div>\n<div style=\"color: grey;\" align=\"left\">\n<p style=\"font-family: Arial;\">Nachdem der Verein durch die Besatzungsm\u00e4chte nach 1945 aufgel\u00f6st wurde, riefen die noch \u00fcberlebenden Mitgliedern mit den noch zur Verf\u00fcgung stehenden Instrumenten eine Musikkapelle ins Leben. An der Spitze stand Ehrendirigent Gottlob Seeger.<\/p>\n<\/div>\n<div align=\"center\">\n<h1 style=\"color: #c54456;\"><strong>1952<\/strong><\/h1>\n<\/div>\n<div style=\"color: grey;\" align=\"justify\">\n<p style=\"font-family: Arial;\" align=\"justify\">Wiedergr\u00fcndung des Musikverein Stammheim. Die durch den Krieg erlittenen materiellen Verluste konnten durch Spenden, Sammlungen und Veranstaltungen wieder ausgeglichen werden. Seit der Wiedergr\u00fcndung des Vereins war die Vereinsf\u00fchrung st\u00e4ndig bem\u00fcht Jugendliche f\u00fcr die Blasmusik zu gewinnen.<\/p>\n<\/div>\n<div align=\"center\">\n<h1 style=\"color: #c54456;\"><strong>1954<\/strong><\/h1>\n<\/div>\n<p><span style=\"font-family: Arial; font-size: revert; color: grey;\">Eigentlich feierte der Verein sein 75-j\u00e4hriges Bestehen schon im Jahr 1952. Da damals aber erst die Wiedergr\u00fcndung erfolgte, fand der gro\u00dfe Festakt mit Festzelt auf dem heutigen Stadiongel\u00e4nde erst zwei Jahre sp\u00e4ter statt. In diesem Jahr erhielten die Musiker auch neue Uniformen.<\/span><\/p>\n<div style=\"color: grey;\" align=\"left\">\n<p style=\"font-family: Arial;\"><a href=\"https:\/\/www.musikverein-stammheim.de\/start\/wp-content\/uploads\/2014\/03\/Scan10148.jpg\"><img loading=\"lazy\" decoding=\"async\" class=\"aligncenter size-full wp-image-2622\" src=\"https:\/\/www.musikverein-stammheim.de\/start\/wp-content\/uploads\/2014\/03\/Scan10148.jpg\" alt=\"Scan10148\" width=\"1000\" height=\"619\" srcset=\"https:\/\/www.musikverein-stammheim.de\/start\/wp-content\/uploads\/2014\/03\/Scan10148.jpg 1000w, https:\/\/www.musikverein-stammheim.de\/start\/wp-content\/uploads\/2014\/03\/Scan10148-300x185.jpg 300w\" sizes=\"auto, (max-width: 1000px) 100vw, 1000px\" \/><\/a><\/p>\n<\/div>\n<div align=\"center\">\n<h1 style=\"color: #c54456;\"><strong>1958<\/strong><\/h1>\n<\/div>\n<div style=\"color: grey;\" align=\"left\">\n<p style=\"font-family: Arial;\">Nach der Wiedergr\u00fcndung gab es wieder eine f\u00fcnfk\u00f6pfige Jugendgruppe. Diese musste allerdings nach zwei Jahren wieder aufgel\u00f6st werden.<\/p>\n<\/div>\n<div align=\"center\">\n<h1 style=\"color: #c54456;\"><strong>1965<\/strong><\/h1>\n<\/div>\n<div style=\"color: grey;\" align=\"left\">\n<p style=\"font-family: Arial;\">Erneute Gr\u00fcndung einer Jugendgruppe aus 20 Jungmusikerinnen und -musikern unter der Leitung von Willi Bonwetsch. Nach zwei Jahren musste diese jedoch wieder aufgel\u00f6st werden, da die Jugendlichen in die aktive Kapelle integriert wurden.<br \/>\n<a href=\"https:\/\/www.musikverein-stammheim.de\/start\/wp-content\/uploads\/2014\/03\/Scan10149.jpg\"><img loading=\"lazy\" decoding=\"async\" class=\"aligncenter size-full wp-image-2623\" src=\"https:\/\/www.musikverein-stammheim.de\/start\/wp-content\/uploads\/2014\/03\/Scan10149.jpg\" alt=\"Scan10149\" width=\"1000\" height=\"416\" srcset=\"https:\/\/www.musikverein-stammheim.de\/start\/wp-content\/uploads\/2014\/03\/Scan10149.jpg 1000w, https:\/\/www.musikverein-stammheim.de\/start\/wp-content\/uploads\/2014\/03\/Scan10149-300x124.jpg 300w\" sizes=\"auto, (max-width: 1000px) 100vw, 1000px\" \/><\/a><\/p>\n<\/div>\n<div align=\"center\">\n<h1 style=\"color: #c54456;\"><strong>1966<\/strong><\/h1>\n<\/div>\n<div style=\"color: grey;\" align=\"left\">\n<p style=\"font-family: Arial;\">Der Verein kaufte neue Uniformen, die im Juni 1966 anl\u00e4sslich der Stadioneinweihung der Stammheimer Bev\u00f6lkerung vorgestellt wurden.<\/p>\n<\/div>\n<div align=\"center\">\n<h1 style=\"color: #c54456;\"><strong>1970<\/strong><\/h1>\n<\/div>\n<div style=\"color: grey;\" align=\"left\">\n<p style=\"font-family: Arial;\">Unter der Leitung von Hermann Kuonath (der bis heute noch fester Bestandteil in der Trachtenkapelle ist) entstand wieder eine Jugendkapelle, die bis heute ohne Unterbrechung fortbesteht. Dies ist bis zum heutigen Tag auf eine intensive Jugendarbeit zur\u00fcckzuf\u00fchren.<\/p>\n<p style=\"font-family: Arial;\"><a href=\"https:\/\/www.musikverein-stammheim.de\/start\/wp-content\/uploads\/2014\/03\/Bildschirmfoto-2014-07-10-um-23.23.03.png\"><img loading=\"lazy\" decoding=\"async\" class=\"aligncenter size-full wp-image-2377\" src=\"https:\/\/www.musikverein-stammheim.de\/start\/wp-content\/uploads\/2014\/03\/Bildschirmfoto-2014-07-10-um-23.23.03.png\" alt=\"Bildschirmfoto 2014-07-10 um 23.23.03\" width=\"644\" height=\"404\" srcset=\"https:\/\/www.musikverein-stammheim.de\/start\/wp-content\/uploads\/2014\/03\/Bildschirmfoto-2014-07-10-um-23.23.03.png 644w, https:\/\/www.musikverein-stammheim.de\/start\/wp-content\/uploads\/2014\/03\/Bildschirmfoto-2014-07-10-um-23.23.03-300x188.png 300w\" sizes=\"auto, (max-width: 644px) 100vw, 644px\" \/><\/a><\/p>\n<p>In diesem Jahr fand auch das erste Fr\u00fchjahrskonzert im Gemeindehaus statt. Diese Tradition bewahrt der Musikverein bis heute, wobei das Fr\u00fchjahrskonzert mittlerweile in der gr\u00f6\u00dferen Gemeindehalle veranstaltet wird.<\/p>\n<p>Ab 1970 wurden erstmals Rundfunkaufnahmen vom Musikverein Stammheim gesendet. Im Laufe der 70er Jahre nahm nun die Trachten- und Jugendkapelle vermehrt an Wertungsspielen teil und erreichte meist sehr gute Ergebnisse. Neben vielen Veranstaltungen im Inland wurden auch einige Konzertreisen ins Ausland durchgef\u00fchrt. Inzwischen hatte der Verein Kontakte mit der Musikgesellschaft Ennetb\u00fcrgen in der Schweiz gekn\u00fcpft, und 1970 fand das erste Treffen in Ennetb\u00fcrgen statt. Dieses Treffen war der Grundstein f\u00fcr eine enge Freundschaft.<\/p>\n<\/div>\n<div align=\"center\">\n<h1 style=\"color: #c54456;\"><strong>1972<\/strong><\/h1>\n<\/div>\n<div style=\"color: grey;\" align=\"left\">\n<p style=\"font-family: Arial;\">Neben der musikalischen Jugendarbeit, setzte man im Jahr 1972 erstmals auf au\u00dfermusikalische Aktivit\u00e4ten mit einem Zeltlager an der Erzgrube, was von den Jugendlichen mit gro\u00dfer Begeisterung aufgenommen wurde. Bis heute ist das Zeltlager fester Bestandteil der Jugendarbeit.<\/p>\n<\/div>\n<div align=\"center\">\n<h1 style=\"color: #c54456;\"><strong>1973<\/strong><\/h1>\n<\/div>\n<div style=\"color: grey;\" align=\"left\">\n<p style=\"font-family: Arial;\">Mit dem Tanzorchester wurde die dritte Besetzung, nach Jugend- und Trachtenkapelle, ins Leben gerufen. Die jungen Musikerinnen und Musiker legten den Schwerpunkt vor allem auf Unterhaltungs- und Tanzmusik.<\/p>\n<p style=\"font-family: Arial;\"><a href=\"https:\/\/www.musikverein-stammheim.de\/start\/wp-content\/uploads\/2014\/03\/Scan10141.jpg\"><img loading=\"lazy\" decoding=\"async\" class=\"aligncenter size-full wp-image-2624\" src=\"https:\/\/www.musikverein-stammheim.de\/start\/wp-content\/uploads\/2014\/03\/Scan10141.jpg\" alt=\"Scan10141\" width=\"1000\" height=\"678\" srcset=\"https:\/\/www.musikverein-stammheim.de\/start\/wp-content\/uploads\/2014\/03\/Scan10141.jpg 1000w, https:\/\/www.musikverein-stammheim.de\/start\/wp-content\/uploads\/2014\/03\/Scan10141-300x203.jpg 300w\" sizes=\"auto, (max-width: 1000px) 100vw, 1000px\" \/><\/a><\/p>\n<\/div>\n<div align=\"center\">\n<h1 style=\"color: #c54456;\"><strong>1975<\/strong><\/h1>\n<\/div>\n<div style=\"color: grey;\" align=\"left\">\n<p style=\"font-family: Arial;\">Mit Beginn der Faschingsveranstaltungen r\u00fcckte das Tanzorchester zusehends mehr in die \u00d6ffentlichkeit. Daraus resultierten vermehrt Auftritte in der n\u00e4heren und weiteren Umgebung von Stammheim. Auch einige Auslandsreisen zu befreundeten Kapellen nach Ennetb\u00fcrgen in der Schweiz und nach Soesterberg in den Niederlanden sind zu verzeichnen.<\/p>\n<p style=\"font-family: Arial;\"><a href=\"https:\/\/www.musikverein-stammheim.de\/start\/wp-content\/uploads\/2014\/03\/Bildschirmfoto-2014-07-09-um-15.48.52.jpg\"><img loading=\"lazy\" decoding=\"async\" class=\"aligncenter size-full wp-image-2379\" src=\"https:\/\/www.musikverein-stammheim.de\/start\/wp-content\/uploads\/2014\/03\/Bildschirmfoto-2014-07-09-um-15.48.52.jpg\" alt=\"Bildschirmfoto 2014-07-09 um 15.48.52\" width=\"907\" height=\"520\" srcset=\"https:\/\/www.musikverein-stammheim.de\/start\/wp-content\/uploads\/2014\/03\/Bildschirmfoto-2014-07-09-um-15.48.52.jpg 907w, https:\/\/www.musikverein-stammheim.de\/start\/wp-content\/uploads\/2014\/03\/Bildschirmfoto-2014-07-09-um-15.48.52-300x171.jpg 300w\" sizes=\"auto, (max-width: 907px) 100vw, 907px\" \/><\/a><\/p>\n<\/div>\n<div align=\"center\">\n<h1 style=\"color: #c54456;\"><strong>1977<\/strong><\/h1>\n<\/div>\n<div style=\"color: grey;\" align=\"left\">\n<p style=\"font-family: Arial;\">Der Musikverein Stammheim feiert sein 100-j\u00e4hriges Bestehen mit einem Festakt im Gemeindehaus und einem Festbankett im Festzelt. Zu diesem Anlass wurden erstmals Trachten angeschafft, die bis zum heutigen Tag von den Musikerinnen und Musikern des Vereins mit Stolz getragen werden. Mit der Musikgesellschaft Ennetb\u00fcrgen (Schweiz), der Musikvereinigung Odeon Soesterberg (Niederlande) und der Original Burgenlandkapelle (\u00d6sterreich) durfte der Musikverein auch viele internationale G\u00e4ste bei den Jubil\u00e4umsfeierlichkeiten begr\u00fc\u00dfen.<\/p>\n<p style=\"font-family: Arial;\"><a href=\"https:\/\/www.musikverein-stammheim.de\/start\/wp-content\/uploads\/2014\/03\/Scan10142.jpg\"><img loading=\"lazy\" decoding=\"async\" class=\"aligncenter size-full wp-image-2625\" src=\"https:\/\/www.musikverein-stammheim.de\/start\/wp-content\/uploads\/2014\/03\/Scan10142.jpg\" alt=\"Scan10142\" width=\"1000\" height=\"610\" srcset=\"https:\/\/www.musikverein-stammheim.de\/start\/wp-content\/uploads\/2014\/03\/Scan10142.jpg 1000w, https:\/\/www.musikverein-stammheim.de\/start\/wp-content\/uploads\/2014\/03\/Scan10142-300x183.jpg 300w\" sizes=\"auto, (max-width: 1000px) 100vw, 1000px\" \/><\/a><\/p>\n<\/div>\n<div align=\"center\">\n<h1 style=\"color: #c54456;\"><strong>1978<\/strong><\/h1>\n<\/div>\n<div style=\"color: grey;\" align=\"left\">\n<p style=\"font-family: Arial;\">Nach 11 Jahren unter Dirigent J\u00fcrgen Haug \u00fcbernimmt Hermann Kuonath die musikalische Leitung der Trachtenkapelle.<\/p>\n<\/div>\n<div align=\"center\">\n<h1 style=\"color: #c54456;\"><strong>1981<\/strong><\/h1>\n<\/div>\n<div style=\"color: grey;\" align=\"left\">\n<p style=\"font-family: Arial;\">Helmut Heldmayer spendet dem Verein eine wundersch\u00f6ne Fahne.<\/p>\n<\/div>\n<div align=\"center\">\n<h1 style=\"color: #c54456;\"><strong>1982<\/strong><\/h1>\n<\/div>\n<p><span style=\"font-family: Arial; font-size: revert; color: grey;\">Teilnahme als einzige Kapelle aus der BRD am \u201eInternational Festival of Marching Bands\u201c in der Wembley-Arena in London.<\/span><\/p>\n<div style=\"color: grey;\" align=\"left\">\n<p style=\"font-family: Arial;\"><a href=\"https:\/\/www.musikverein-stammheim.de\/start\/wp-content\/uploads\/2014\/03\/Bildschirmfoto-2014-07-09-um-15.44.37.jpg\"><img loading=\"lazy\" decoding=\"async\" class=\"aligncenter size-full wp-image-2380\" src=\"https:\/\/www.musikverein-stammheim.de\/start\/wp-content\/uploads\/2014\/03\/Bildschirmfoto-2014-07-09-um-15.44.37.jpg\" alt=\"Bildschirmfoto 2014-07-09 um 15.44.37\" width=\"923\" height=\"543\" srcset=\"https:\/\/www.musikverein-stammheim.de\/start\/wp-content\/uploads\/2014\/03\/Bildschirmfoto-2014-07-09-um-15.44.37.jpg 923w, https:\/\/www.musikverein-stammheim.de\/start\/wp-content\/uploads\/2014\/03\/Bildschirmfoto-2014-07-09-um-15.44.37-300x176.jpg 300w\" sizes=\"auto, (max-width: 923px) 100vw, 923px\" \/><\/a><\/p>\n<\/div>\n<div align=\"center\">\n<h1 style=\"color: #c54456;\"><strong>1986<\/strong><\/h1>\n<\/div>\n<div style=\"color: grey;\" align=\"left\">\n<p style=\"font-family: Arial;\">Erster Platz in der Kategorie Oberstufe beim Musik- und Theaterfestival \u201ePrager Winter\u201c in Br\u00fcnn in der damaligen Tschechoslowakei. Auf Anraten der Wertungsrichter in Br\u00fcnn beschloss man fortan bei Wertungsspielen in der H\u00f6chsstufe anzutreten.<\/p>\n<p style=\"font-family: Arial;\"><a href=\"https:\/\/www.musikverein-stammheim.de\/start\/wp-content\/uploads\/2014\/03\/Bildschirmfoto-2014-07-09-um-15.45.26.jpg\"><img loading=\"lazy\" decoding=\"async\" class=\"aligncenter size-full wp-image-2381\" src=\"https:\/\/www.musikverein-stammheim.de\/start\/wp-content\/uploads\/2014\/03\/Bildschirmfoto-2014-07-09-um-15.45.26.jpg\" alt=\"Bildschirmfoto 2014-07-09 um 15.45.26\" width=\"665\" height=\"562\" srcset=\"https:\/\/www.musikverein-stammheim.de\/start\/wp-content\/uploads\/2014\/03\/Bildschirmfoto-2014-07-09-um-15.45.26.jpg 665w, https:\/\/www.musikverein-stammheim.de\/start\/wp-content\/uploads\/2014\/03\/Bildschirmfoto-2014-07-09-um-15.45.26-300x253.jpg 300w\" sizes=\"auto, (max-width: 665px) 100vw, 665px\" \/><\/a><\/p>\n<\/div>\n<div align=\"center\">\n<h1 style=\"color: #c54456;\"><strong>1987<\/strong><\/h1>\n<\/div>\n<div style=\"color: grey;\" align=\"left\">\n<p style=\"font-family: Arial;\">Gro\u00dfe Feier zum 110-j\u00e4hrigen Jubil\u00e4um mit der Gastkapelle Mist\u0159\u00ed\u0148anka aus der damaligen Tschechoslowakei.<\/p>\n<\/div>\n<div align=\"center\">\n<h1 style=\"color: #c54456;\"><strong>1989<\/strong><\/h1>\n<\/div>\n<div style=\"color: grey;\" align=\"left\">\n<p style=\"font-family: Arial;\">Spatenstich zum Bau des Vereinsheim im April 1989 durch den Vorsitzenden Paul Kuonath. Da der Probenraum in der Gemeindehalle Stammheim sehr klein war, entschloss man sich, ein eigenes Vereinsheim zu bauen.<\/p>\n<p style=\"font-family: Arial;\"><a href=\"https:\/\/www.musikverein-stammheim.de\/start\/wp-content\/uploads\/2014\/03\/Scan10130-Kopie.jpg\"><img loading=\"lazy\" decoding=\"async\" class=\"aligncenter size-full wp-image-2619\" src=\"https:\/\/www.musikverein-stammheim.de\/start\/wp-content\/uploads\/2014\/03\/Scan10130-Kopie.jpg\" alt=\"Scan10130 Kopie\" width=\"941\" height=\"1100\" srcset=\"https:\/\/www.musikverein-stammheim.de\/start\/wp-content\/uploads\/2014\/03\/Scan10130-Kopie.jpg 941w, https:\/\/www.musikverein-stammheim.de\/start\/wp-content\/uploads\/2014\/03\/Scan10130-Kopie-256x300.jpg 256w, https:\/\/www.musikverein-stammheim.de\/start\/wp-content\/uploads\/2014\/03\/Scan10130-Kopie-875x1024.jpg 875w\" sizes=\"auto, (max-width: 941px) 100vw, 941px\" \/><\/a><\/p>\n<\/div>\n<div align=\"center\">\n<h1 style=\"color: #c54456;\"><strong>1990<\/strong><\/h1>\n<\/div>\n<div style=\"color: grey;\" align=\"left\">\n<p style=\"font-family: Arial;\">Nur ein Jahr nach dem Spatenstich fand Ende April die erste Probe im neuen Vereinsheim statt. Das gro\u00dfe Einweihungsfest erfolgte im Juli des gleichen Jahres.<\/p>\n<p style=\"font-family: Arial;\"><a href=\"https:\/\/www.musikverein-stammheim.de\/start\/wp-content\/uploads\/2014\/03\/Bildschirmfoto-2014-07-09-um-15.44.19.jpg\"><img loading=\"lazy\" decoding=\"async\" class=\"aligncenter size-full wp-image-2382\" src=\"https:\/\/www.musikverein-stammheim.de\/start\/wp-content\/uploads\/2014\/03\/Bildschirmfoto-2014-07-09-um-15.44.19.jpg\" alt=\"Bildschirmfoto 2014-07-09 um 15.44.19\" width=\"669\" height=\"434\" srcset=\"https:\/\/www.musikverein-stammheim.de\/start\/wp-content\/uploads\/2014\/03\/Bildschirmfoto-2014-07-09-um-15.44.19.jpg 669w, https:\/\/www.musikverein-stammheim.de\/start\/wp-content\/uploads\/2014\/03\/Bildschirmfoto-2014-07-09-um-15.44.19-300x194.jpg 300w\" sizes=\"auto, (max-width: 669px) 100vw, 669px\" \/><\/a><\/p>\n<\/div>\n<div align=\"center\">\n<h1 style=\"color: #c54456;\"><strong>1992<\/strong><\/h1>\n<\/div>\n<div style=\"color: grey;\" align=\"left\">\n<p style=\"font-family: Arial;\">Silberne Palme beim Musikfestival in Calella (Spanien).<\/p>\n<p style=\"font-family: Arial;\"><a href=\"https:\/\/www.musikverein-stammheim.de\/start\/wp-content\/uploads\/2014\/03\/Bildschirmfoto-2014-07-08-um-11.24.41.jpg\"><img loading=\"lazy\" decoding=\"async\" class=\"aligncenter size-full wp-image-2383\" src=\"https:\/\/www.musikverein-stammheim.de\/start\/wp-content\/uploads\/2014\/03\/Bildschirmfoto-2014-07-08-um-11.24.41.jpg\" alt=\"Bildschirmfoto 2014-07-08 um 11.24.41\" width=\"843\" height=\"518\" srcset=\"https:\/\/www.musikverein-stammheim.de\/start\/wp-content\/uploads\/2014\/03\/Bildschirmfoto-2014-07-08-um-11.24.41.jpg 843w, https:\/\/www.musikverein-stammheim.de\/start\/wp-content\/uploads\/2014\/03\/Bildschirmfoto-2014-07-08-um-11.24.41-300x184.jpg 300w\" sizes=\"auto, (max-width: 843px) 100vw, 843px\" \/><\/a><\/p>\n<\/div>\n<div align=\"center\">\n<h1 style=\"color: #c54456;\"><strong>1994<\/strong><\/h1>\n<\/div>\n<div style=\"color: grey;\" align=\"left\">\n<p style=\"font-family: Arial;\">Erster Besuch des Musikverein Stammheim in Werenzhain in Brandenburg und Beginn einer bis heute anhaltenden Freundschaft mit der Freiwilligen Feuerwehr Werenzhain.<\/p>\n<p style=\"font-family: Arial;\"><a href=\"https:\/\/www.musikverein-stammheim.de\/start\/wp-content\/uploads\/2014\/03\/Bildschirmfoto-2014-07-09-um-15.46.33.jpg\"><img loading=\"lazy\" decoding=\"async\" class=\"aligncenter size-full wp-image-2384\" src=\"https:\/\/www.musikverein-stammheim.de\/start\/wp-content\/uploads\/2014\/03\/Bildschirmfoto-2014-07-09-um-15.46.33.jpg\" alt=\"Bildschirmfoto 2014-07-09 um 15.46.33\" width=\"569\" height=\"379\" srcset=\"https:\/\/www.musikverein-stammheim.de\/start\/wp-content\/uploads\/2014\/03\/Bildschirmfoto-2014-07-09-um-15.46.33.jpg 569w, https:\/\/www.musikverein-stammheim.de\/start\/wp-content\/uploads\/2014\/03\/Bildschirmfoto-2014-07-09-um-15.46.33-300x199.jpg 300w, https:\/\/www.musikverein-stammheim.de\/start\/wp-content\/uploads\/2014\/03\/Bildschirmfoto-2014-07-09-um-15.46.33-390x261.jpg 390w\" sizes=\"auto, (max-width: 569px) 100vw, 569px\" \/><\/a><\/p>\n<\/div>\n<div align=\"center\">\n<h1 style=\"color: #c54456;\"><strong>1996<\/strong><\/h1>\n<\/div>\n<div style=\"color: grey;\" align=\"left\">\n<p style=\"font-family: Arial;\">Eine 28-k\u00f6pfige Gruppe des Musikvereins Stammheim nahm an einer eindrucksvollen und ereignisreichen 3-w\u00f6chigen Tournee durch S\u00fcdafrika teil.<\/p>\n<p style=\"font-family: Arial;\"><a href=\"https:\/\/www.musikverein-stammheim.de\/start\/wp-content\/uploads\/2014\/03\/Bildschirmfoto-2014-07-09-um-15.47.00.jpg\"><img loading=\"lazy\" decoding=\"async\" class=\"aligncenter size-full wp-image-2385\" src=\"https:\/\/www.musikverein-stammheim.de\/start\/wp-content\/uploads\/2014\/03\/Bildschirmfoto-2014-07-09-um-15.47.00.jpg\" alt=\"Bildschirmfoto 2014-07-09 um 15.47.00\" width=\"610\" height=\"367\" srcset=\"https:\/\/www.musikverein-stammheim.de\/start\/wp-content\/uploads\/2014\/03\/Bildschirmfoto-2014-07-09-um-15.47.00.jpg 610w, https:\/\/www.musikverein-stammheim.de\/start\/wp-content\/uploads\/2014\/03\/Bildschirmfoto-2014-07-09-um-15.47.00-300x180.jpg 300w\" sizes=\"auto, (max-width: 610px) 100vw, 610px\" \/><\/a><\/p>\n<\/div>\n<div align=\"center\">\n<h1 style=\"color: #c54456;\"><strong>2000<\/strong><\/h1>\n<\/div>\n<div style=\"color: grey;\" align=\"left\">\n<p style=\"font-family: Arial;\">30-j\u00e4hriges Jubil\u00e4um der Jugendkapelle mit gro\u00dfem Konzert im Foyer des Maria-von-Linden Gymnasium.<\/p>\n<\/div>\n<div align=\"center\">\n<h1 style=\"color: #c54456;\"><strong>2002<\/strong><\/h1>\n<\/div>\n<p><span style=\"font-family: Arial; font-size: revert; color: grey;\">Festakt zum 125-j\u00e4hrigen Jubil\u00e4um und Ausrichten eins Kreismusikfestes mit Wertungsspiel. In Verbindung mit den Vorbereitungen auf das Fest zum 125-j\u00e4hrigen Jubil\u00e4um wurden von der Trachtenkapelle Musikaufnahmen gemacht, die einen Querschnitt durch das vielseitige Repertoire zeigen. Die Aufnahmen sind als CD oder MC erh\u00e4ltlich.<\/span><\/p>\n<div align=\"center\">\n<h1 style=\"color: #c54456;\"><strong>2003<\/strong><\/h1>\n<\/div>\n<div style=\"color: grey;\" align=\"left\">\n<p style=\"font-family: Arial;\">In Begleitung des Bundestagsabgeordneten Hans-Joachim Fuchtel reiste eine Gruppe der Trachtenkapelle im Januar erstmals in den W\u00fcstenstaat Mauretanien.<\/p>\n<p><a href=\"https:\/\/www.musikverein-stammheim.de\/start\/wp-content\/uploads\/2014\/09\/Maure.jpg\"><img loading=\"lazy\" decoding=\"async\" class=\"aligncenter size-full wp-image-2576\" src=\"https:\/\/www.musikverein-stammheim.de\/start\/wp-content\/uploads\/2014\/09\/Maure.jpg\" alt=\"Maure\" width=\"613\" height=\"369\" srcset=\"https:\/\/www.musikverein-stammheim.de\/start\/wp-content\/uploads\/2014\/09\/Maure.jpg 613w, https:\/\/www.musikverein-stammheim.de\/start\/wp-content\/uploads\/2014\/09\/Maure-300x180.jpg 300w\" sizes=\"auto, (max-width: 613px) 100vw, 613px\" \/><\/a>Nach fast 25 Jahren als musikalischer Leiter der Trachtenkapelle gibt Hermann Kuonath den Dirigentenstock an Michael Schanz weiter.<\/p>\n<\/div>\n<div align=\"center\">\n<h1 style=\"color: #c54456;\"><strong>2004<\/strong><\/h1>\n<\/div>\n<div style=\"color: grey;\" align=\"left\">\n<p style=\"font-family: Arial;\">25 Musikerinnen und Musiker beteiligten sich beim Kulturaustausch in Russland. Dabei fuhr man acht Tage auf der Wolga.<\/p>\n<p><a href=\"https:\/\/www.musikverein-stammheim.de\/start\/wp-content\/uploads\/2014\/09\/moskau1.jpg\"><img loading=\"lazy\" decoding=\"async\" class=\"aligncenter size-full wp-image-2564\" src=\"https:\/\/www.musikverein-stammheim.de\/start\/wp-content\/uploads\/2014\/09\/moskau1.jpg\" alt=\"moskau\" width=\"611\" height=\"369\" srcset=\"https:\/\/www.musikverein-stammheim.de\/start\/wp-content\/uploads\/2014\/09\/moskau1.jpg 611w, https:\/\/www.musikverein-stammheim.de\/start\/wp-content\/uploads\/2014\/09\/moskau1-300x181.jpg 300w\" sizes=\"auto, (max-width: 611px) 100vw, 611px\" \/><\/a><\/p>\n<\/div>\n<div align=\"center\">\n<h1 style=\"color: #c54456;\"><strong>2008<\/strong><\/h1>\n<\/div>\n<div style=\"color: grey;\" align=\"left\">\n<p style=\"font-family: Arial;\">Vom Verein <a href=\"http:\/\/www.helfende-haende.cw-net.de\/\">Helfende H\u00e4nde e.V.<\/a> veranlasst, reiste eine Delegation von \u00c4rzten, Krankenschwestern und Handwerkern nach Mauretanien, um vor Ort eine Krankenstation zu errichten. Eine Gruppe des Musikverein Stammheim begleitete diese Helferdelegation musikalisch.<\/p>\n<p><a href=\"https:\/\/www.musikverein-stammheim.de\/start\/wp-content\/uploads\/2014\/03\/CIMG0862-Kopie.jpg\"><img loading=\"lazy\" decoding=\"async\" class=\"aligncenter size-full wp-image-2388\" src=\"https:\/\/www.musikverein-stammheim.de\/start\/wp-content\/uploads\/2014\/03\/CIMG0862-Kopie.jpg\" alt=\"CIMG0862 Kopie\" width=\"1272\" height=\"825\" srcset=\"https:\/\/www.musikverein-stammheim.de\/start\/wp-content\/uploads\/2014\/03\/CIMG0862-Kopie.jpg 1272w, https:\/\/www.musikverein-stammheim.de\/start\/wp-content\/uploads\/2014\/03\/CIMG0862-Kopie-300x194.jpg 300w, https:\/\/www.musikverein-stammheim.de\/start\/wp-content\/uploads\/2014\/03\/CIMG0862-Kopie-1024x664.jpg 1024w\" sizes=\"auto, (max-width: 1272px) 100vw, 1272px\" \/><\/a><\/p>\n<\/div>\n<div align=\"center\">\n<h1 style=\"color: #c54456;\"><strong>2011<\/strong><\/h1>\n<\/div>\n<div style=\"color: grey;\" align=\"left\">\n<p style=\"font-family: Arial;\">32 Musikerinnen und Musiker auf Konzertreise in Hongkong und Macao.<\/p>\n<p><a href=\"https:\/\/www.musikverein-stammheim.de\/start\/wp-content\/uploads\/2014\/03\/DSC99055.jpg\"><img loading=\"lazy\" decoding=\"async\" class=\"aligncenter size-full wp-image-1379\" src=\"https:\/\/www.musikverein-stammheim.de\/start\/wp-content\/uploads\/2014\/03\/DSC99055.jpg\" alt=\"SONY DSC\" width=\"2288\" height=\"1520\" srcset=\"https:\/\/www.musikverein-stammheim.de\/start\/wp-content\/uploads\/2014\/03\/DSC99055.jpg 2288w, https:\/\/www.musikverein-stammheim.de\/start\/wp-content\/uploads\/2014\/03\/DSC99055-300x199.jpg 300w, https:\/\/www.musikverein-stammheim.de\/start\/wp-content\/uploads\/2014\/03\/DSC99055-1024x680.jpg 1024w\" sizes=\"auto, (max-width: 2288px) 100vw, 2288px\" \/><\/a><\/p>\n<\/div>\n<div align=\"center\">\n<h1 style=\"color: #c54456;\"><strong>2013<\/strong><\/h1>\n<\/div>\n<p><span style=\"font-family: Arial; font-size: revert; color: grey;\">Gro\u00dfe Feier zum 40-j\u00e4hrigen Jubil\u00e4um des Tanzorchester im Saal 51 in Hirsau.<\/span><\/p>\n<div align=\"center\">\n<h1 style=\"color: #c54456;\"><strong>2015<\/strong><\/h1>\n<\/div>\n<div style=\"color: grey;\" align=\"left\">\n<p style=\"font-family: Arial;\">Die Trachtenkapelle reist mit 59 Musikerinnen und Musikern nach Hohenau Obligado, Paraguay und unterh\u00e4lt dort die G\u00e4ste beim Choppfest. Au\u00dferdem gab es M\u00f6glichkeiten zum kulturellen Austausch mit den Bewohnerinnen und Bewohnern von Obilgado, beispielsweise in Form eines Gemeinschaftskonzert mit einer \u00f6rtlichen Musikschule oder der Auftritt in einer Schule.<\/p>\n<p><a href=\"https:\/\/www.musikverein-stammheim.de\/start\/wp-content\/uploads\/2015\/11\/image10.jpeg\"><img loading=\"lazy\" decoding=\"async\" class=\"aligncenter size-full wp-image-3424\" src=\"https:\/\/www.musikverein-stammheim.de\/start\/wp-content\/uploads\/2015\/11\/image10.jpeg\" alt=\"image\" width=\"2288\" height=\"1520\" \/><\/a><\/p>\n<\/div>\n<div align=\"center\">\n<h1 style=\"color: #c54456;\"><strong>2017<\/strong><\/h1>\n<\/div>\n<div style=\"color: grey;\" align=\"left\">\n<p style=\"font-family: Arial;\">Der Musikverein Stammheim feiert seinen 140. Geburtstag mit einer Aktion in jedem Monat. Zu den Highlights geh\u00f6rten ein Open Air Konzert vor dem Rathaus und der Auftritt der international bekannten Blasmusikgruppe Viera Blech.<\/p>\n<p><a href=\"https:\/\/www.musikverein-stammheim.de\/start\/medien\/fotos\/2017-2\/viera-blech\/attachment\/sony-dsc-1017\/#main\" rel=\"attachment wp-att-4702\"><img loading=\"lazy\" decoding=\"async\" class=\"alignleft  wp-image-4702\" src=\"https:\/\/www.musikverein-stammheim.de\/start\/wp-content\/uploads\/2017\/10\/DSC01583-300x200.jpg\" alt=\"\" width=\"683\" height=\"455\" srcset=\"https:\/\/www.musikverein-stammheim.de\/start\/wp-content\/uploads\/2017\/10\/DSC01583-300x200.jpg 300w, https:\/\/www.musikverein-stammheim.de\/start\/wp-content\/uploads\/2017\/10\/DSC01583-768x512.jpg 768w, https:\/\/www.musikverein-stammheim.de\/start\/wp-content\/uploads\/2017\/10\/DSC01583-390x261.jpg 390w, https:\/\/www.musikverein-stammheim.de\/start\/wp-content\/uploads\/2017\/10\/DSC01583.jpg 1000w\" sizes=\"auto, (max-width: 683px) 100vw, 683px\" \/><\/a><\/p>\n<\/div>\n<div align=\"center\">\n<h1><\/h1>\n<h1 style=\"color: #c54456;\"><strong>2019<\/strong><\/h1>\n<\/div>\n<div style=\"color: grey;\" align=\"left\">\n<p style=\"font-family: Arial;\">Konzertreise nach Peking mit Auftritten bei der <a href=\"http:\/\/www.horti-expo2019.org\">Gartenbau-Expo<\/a> zusammen mit dem <a href=\"https:\/\/mv-althengstett.de\">Musikverein Althengstett. <\/a>Weitere Auftritte in Nanjing und Taicang.<\/p>\n<p><a href=\"https:\/\/www.musikverein-stammheim.de\/start\/medien\/fotos\/2019-2\/china\/attachment\/img_0396\/#main\" rel=\"attachment wp-att-5719\"><img loading=\"lazy\" decoding=\"async\" class=\"alignleft size-large wp-image-5719\" src=\"https:\/\/www.musikverein-stammheim.de\/start\/wp-content\/uploads\/2019\/09\/IMG_0396-1024x682.jpg\" alt=\"\" width=\"690\" height=\"460\" srcset=\"https:\/\/www.musikverein-stammheim.de\/start\/wp-content\/uploads\/2019\/09\/IMG_0396-1024x682.jpg 1024w, https:\/\/www.musikverein-stammheim.de\/start\/wp-content\/uploads\/2019\/09\/IMG_0396-300x200.jpg 300w, https:\/\/www.musikverein-stammheim.de\/start\/wp-content\/uploads\/2019\/09\/IMG_0396-768x512.jpg 768w, https:\/\/www.musikverein-stammheim.de\/start\/wp-content\/uploads\/2019\/09\/IMG_0396-390x261.jpg 390w, https:\/\/www.musikverein-stammheim.de\/start\/wp-content\/uploads\/2019\/09\/IMG_0396.jpg 1400w\" sizes=\"auto, (max-width: 690px) 100vw, 690px\" \/><\/a><\/p>\n<\/div>\n","protected":false},"excerpt":{"rendered":"<p>1877 Die sieben musikbegeisterten Stammheimer Friedrich Binder, Jakob Friedrich Feyhl, Johannes Kirchherr, Andreas R\u00f6hm, Adam Roller, Adam Zizmann und Jakob Zizmann gr\u00fcnden die Musikkameradschaft Stammheim, die 1879 in Musikkorps Stammheim <a class=\"more-link\" href=\"https:\/\/www.musikverein-stammheim.de\/start\/ueber-uns\/chronik\/\">Weiterlesen \u2192<\/a><\/p>\n","protected":false},"author":1,"featured_media":0,"parent":1405,"menu_order":0,"comment_status":"closed","ping_status":"closed","template":"","meta":{"footnotes":""},"class_list":["post-1782","page","type-page","status-publish","hentry"],"_links":{"self":[{"href":"https:\/\/www.musikverein-stammheim.de\/start\/wp-json\/wp\/v2\/pages\/1782","targetHints":{"allow":["GET"]}}],"collection":[{"href":"https:\/\/www.musikverein-stammheim.de\/start\/wp-json\/wp\/v2\/pages"}],"about":[{"href":"https:\/\/www.musikverein-stammheim.de\/start\/wp-json\/wp\/v2\/types\/page"}],"author":[{"embeddable":true,"href":"https:\/\/www.musikverein-stammheim.de\/start\/wp-json\/wp\/v2\/users\/1"}],"replies":[{"embeddable":true,"href":"https:\/\/www.musikverein-stammheim.de\/start\/wp-json\/wp\/v2\/comments?post=1782"}],"version-history":[{"count":137,"href":"https:\/\/www.musikverein-stammheim.de\/start\/wp-json\/wp\/v2\/pages\/1782\/revisions"}],"predecessor-version":[{"id":7748,"href":"https:\/\/www.musikverein-stammheim.de\/start\/wp-json\/wp\/v2\/pages\/1782\/revisions\/7748"}],"up":[{"embeddable":true,"href":"https:\/\/www.musikverein-stammheim.de\/start\/wp-json\/wp\/v2\/pages\/1405"}],"wp:attachment":[{"href":"https:\/\/www.musikverein-stammheim.de\/start\/wp-json\/wp\/v2\/media?parent=1782"}],"curies":[{"name":"wp","href":"https:\/\/api.w.org\/{rel}","templated":true}]}}